{"id":678,"date":"2024-06-16T14:42:12","date_gmt":"2024-06-16T14:42:12","guid":{"rendered":"https:\/\/www.swissmotorcompany.ch\/?page_id=678"},"modified":"2025-01-06T01:03:33","modified_gmt":"2025-01-06T00:03:33","slug":"privacy-policy","status":"publish","type":"page","link":"https:\/\/www.swissmotorcompany.ch\/fr\/privacy-policy\/","title":{"rendered":"Politique de confidentialit\u00e9"},"content":{"rendered":"<figure class=\"wp-block-image size-large\"><img loading=\"lazy\" decoding=\"async\" width=\"1024\" height=\"576\" src=\"https:\/\/www.swissmotorcompany.ch\/wp-content\/uploads\/2024\/09\/hpv4ark8g0e-1024x576.jpg\" alt=\"a black background with a multicolored image of a person&#039;s face\" class=\"wp-image-854\" title=\"\" srcset=\"https:\/\/www.swissmotorcompany.ch\/wp-content\/uploads\/2024\/09\/hpv4ark8g0e-1024x576.jpg 1024w, https:\/\/www.swissmotorcompany.ch\/wp-content\/uploads\/2024\/09\/hpv4ark8g0e-300x169.jpg 300w, https:\/\/www.swissmotorcompany.ch\/wp-content\/uploads\/2024\/09\/hpv4ark8g0e-768x432.jpg 768w, https:\/\/www.swissmotorcompany.ch\/wp-content\/uploads\/2024\/09\/hpv4ark8g0e-1536x864.jpg 1536w, https:\/\/www.swissmotorcompany.ch\/wp-content\/uploads\/2024\/09\/hpv4ark8g0e-18x10.jpg 18w, https:\/\/www.swissmotorcompany.ch\/wp-content\/uploads\/2024\/09\/hpv4ark8g0e.jpg 1600w\" sizes=\"auto, (max-width: 1024px) 100vw, 1024px\" \/><\/figure>\n\n\n\n<h1 class=\"wp-block-heading\">Politique de confidentialit\u00e9 de <strong>www.swissmotorcompany.ch<\/strong><\/h1>\n\n\n\n<p>Per avere informazioni circa i tuoi dati personali raccolti, le finalit\u00e0 ed i soggetti con cui i dati vengono condivisi, contatta il Titolare.<\/p>\n\n\n\n<h2 class=\"wp-block-heading\" id=\"owner_of_the_data\">Contr\u00f4leur des donn\u00e9es<\/h2>\n\n\n\n<p>Pour plus d'informations sur le propri\u00e9taire, veuillez contacter l'adresse \u00e9lectronique suivante :<\/p>\n\n\n\n<p><strong>Adresse \u00e9lectronique du titulaire :<\/strong> info@swissmotorcompany.ch<\/p>\n\n\n\n<h2 class=\"wp-block-heading\" id=\"types_of_data\">Types de donn\u00e9es collect\u00e9es<\/h2>\n\n\n\n<p>Le contr\u00f4leur ne fournit pas de liste des types de donn\u00e9es personnelles collect\u00e9es.<\/p>\n\n\n\n<p>Des d\u00e9tails complets sur chaque type de donn\u00e9es personnelles collect\u00e9es sont fournis dans les sections correspondantes de la pr\u00e9sente politique de confidentialit\u00e9 ou au moyen de textes d'information sp\u00e9cifiques affich\u00e9s avant la collecte de ces donn\u00e9es.<br>I Dati Personali possono essere liberamente forniti dall&#8217;Utente o, nel caso di Dati di Utilizzo, raccolti automaticamente durante l&#8217;uso di questa Applicazione.<br>Se non diversamente specificato, tutti i Dati richiesti da questa Applicazione sono obbligatori. Se l\u2019Utente rifiuta di comunicarli, potrebbe essere impossibile per questa Applicazione fornire il Servizio. Nei casi in cui questa Applicazione indichi alcuni Dati come facoltativi, gli Utenti sono liberi di astenersi dal comunicare tali Dati, senza che ci\u00f2 abbia alcuna conseguenza sulla disponibilit\u00e0 del Servizio o sulla sua operativit\u00e0.<br>Les utilisateurs qui ont des doutes sur les donn\u00e9es obligatoires sont encourag\u00e9s \u00e0 contacter le contr\u00f4leur.<br>L\u2019eventuale utilizzo di Cookie &#8211; o di altri strumenti di tracciamento &#8211; da parte di questa Applicazione o dei titolari dei servizi terzi utilizzati da questa Applicazione ha la finalit\u00e0 di fornire il Servizio richiesto dall&#8217;Utente, oltre alle ulteriori finalit\u00e0 descritte nel presente documento e nella Cookie Policy.<\/p>\n\n\n\n<p>L&#8217;Utente si assume la responsabilit\u00e0 dei Dati Personali di terzi ottenuti, pubblicati o condivisi mediante questa Applicazione.<\/p>\n\n\n\n<h2 class=\"wp-block-heading\" id=\"place_of_processing\">Modalit\u00e0 e luogo del trattamento dei Dati raccolti<\/h2>\n\n\n\n<h3 class=\"wp-block-heading\">Modalit\u00e0 di trattamento<\/h3>\n\n\n\n<p>Il Titolare adotta le opportune misure di sicurezza volte ad impedire l\u2019accesso, la divulgazione, la modifica o la distruzione non autorizzate dei Dati Personali.<br>Il trattamento viene effettuato mediante strumenti informatici e\/o telematici, con modalit\u00e0 organizzative e con logiche strettamente correlate alle finalit\u00e0 indicate. Oltre al Titolare, in alcuni casi, potrebbero avere accesso ai Dati altri soggetti coinvolti nell\u2019organizzazione di questa Applicazione (personale amministrativo, commerciale, marketing, legali, amministratori di sistema) ovvero soggetti esterni (come fornitori di servizi tecnici terzi, corrieri postali, hosting provider, societ\u00e0 informatiche, agenzie di comunicazione) nominati anche, se necessario, Responsabili del Trattamento da parte del Titolare. L\u2019elenco aggiornato dei Responsabili potr\u00e0 sempre essere richiesto al Titolare del Trattamento.<\/p>\n\n\n\n<h3 class=\"wp-block-heading\">Lieu<\/h3>\n\n\n\n<p>Les donn\u00e9es sont trait\u00e9es dans les locaux du contr\u00f4leur et dans tout autre lieu o\u00f9 se trouvent les parties impliqu\u00e9es dans le traitement. Pour de plus amples informations, veuillez contacter le contr\u00f4leur des donn\u00e9es.<br>I Dati Personali dell\u2019Utente potrebbero essere trasferiti in un paese diverso da quello in cui l\u2019Utente si trova. Per ottenere ulteriori informazioni sul luogo del trattamento l\u2019Utente pu\u00f2 fare riferimento alla sezione relativa ai dettagli sul trattamento dei Dati Personali.<\/p>\n\n\n\n<h3 class=\"wp-block-heading\">P\u00e9riode de conservation<\/h3>\n\n\n\n<p>Se non diversamente indicato in questo documento, i Dati Personali sono trattati e conservati per il tempo richiesto dalla finalit\u00e0 per la quale sono stati raccolti e potrebbero essere conservati per un periodo pi\u00f9 lungo a causa di eventuali obbligazioni legali o sulla base del consenso degli Utenti.<\/p>\n\n\n\n<h2 class=\"wp-block-heading\" id=\"cookie_policy\">Politique en mati\u00e8re de cookies<\/h2>\n\n\n\n<p>Questa Applicazione fa utilizzo di Strumenti di Tracciamento. Per saperne di pi\u00f9, gli Utenti possono consultare la <a href=\"\/\/www.iubenda.com\/private\/privacy-policy\/2833024\/cookie-policy?preview=true&amp;ifr=true&amp;height=632&amp;newmarkup=no&amp;an=no\">Politique en mati\u00e8re de cookies<\/a>.<\/p>\n\n\n\n<h2 class=\"wp-block-heading\" id=\"cookie_policy_further_information\">Informations compl\u00e9mentaires pour les utilisateurs<\/h2>\n\n\n\n<h3 class=\"wp-block-heading\">Base juridique du traitement<\/h3>\n\n\n\n<p>Il Titolare tratta Dati Personali relativi all\u2019Utente in caso sussista una delle seguenti condizioni:<\/p>\n\n\n\n<ul class=\"wp-block-list\">\n<li>l\u2019Utente ha prestato il consenso per una o pi\u00f9 finalit\u00e0 specifiche.<\/li>\n\n\n\n<li>il trattamento \u00e8 necessario all&#8217;esecuzione di un contratto con l\u2019Utente e\/o all&#8217;esecuzione di misure precontrattuali;<\/li>\n\n\n\n<li>il trattamento \u00e8 necessario per adempiere un obbligo legale al quale \u00e8 soggetto il Titolare;<\/li>\n\n\n\n<li>il trattamento \u00e8 necessario per l&#8217;esecuzione di un compito di interesse pubblico o per l&#8217;esercizio di pubblici poteri di cui \u00e8 investito il Titolare;<\/li>\n\n\n\n<li>il trattamento \u00e8 necessario per il perseguimento del legittimo interesse del Titolare o di terzi.<\/li>\n<\/ul>\n\n\n\n<p>\u00c8 comunque sempre possibile richiedere al Titolare di chiarire la concreta base giuridica di ciascun trattamento ed in particolare di specificare se il trattamento sia basato sulla legge, previsto da un contratto o necessario per concludere un contratto.<\/p>\n\n\n\n<h3 class=\"wp-block-heading\">Informations compl\u00e9mentaires sur la dur\u00e9e de conservation<\/h3>\n\n\n\n<p>Se non diversamente indicato in questo documento, i Dati Personali sono trattati e conservati per il tempo richiesto dalla finalit\u00e0 per la quale sono stati raccolti e potrebbero essere conservati per un periodo pi\u00f9 lungo a causa di eventuali obbligazioni legali o sulla base del consenso degli Utenti.<\/p>\n\n\n\n<p>C'est pourquoi :<\/p>\n\n\n\n<ul class=\"wp-block-list\">\n<li>I Dati Personali raccolti per scopi collegati all\u2019esecuzione di un contratto tra il Titolare e l\u2019Utente saranno trattenuti sino a quando sia completata l\u2019esecuzione di tale contratto.<\/li>\n\n\n\n<li>I Dati Personali raccolti per finalit\u00e0 riconducibili all\u2019interesse legittimo del Titolare saranno trattenuti sino al soddisfacimento di tale interesse. L\u2019Utente pu\u00f2 ottenere ulteriori informazioni in merito all\u2019interesse legittimo perseguito dal Titolare nelle relative sezioni di questo documento o contattando il Titolare.<\/li>\n<\/ul>\n\n\n\n<p>Quando il trattamento \u00e8 basato sul consenso dell\u2019Utente, il Titolare pu\u00f2 conservare i Dati Personali pi\u00f9 a lungo sino a quando detto consenso non venga revocato. Inoltre, il Titolare potrebbe essere obbligato a conservare i Dati Personali per un periodo pi\u00f9 lungo per adempiere ad un obbligo di legge o per ordine di un\u2019autorit\u00e0.<br><br>Al termine del periodo di conservazione i Dati Personali saranno cancellati. Pertanto, allo spirare di tale termine il diritto di accesso, cancellazione, rettificazione ed il diritto alla portabilit\u00e0 dei Dati non potranno pi\u00f9 essere esercitati.<\/p>\n\n\n\n<h3 class=\"wp-block-heading\" id=\"rights_subjects\">Diritti dell\u2019Utente sulla base del Regolamento Generale sulla Protezione dei Dati (GDPR)<\/h3>\n\n\n\n<p>Les utilisateurs peuvent exercer certains droits concernant les donn\u00e9es trait\u00e9es par le contr\u00f4leur des donn\u00e9es.<\/p>\n\n\n\n<p>In particolare, nei limiti previsti dalla legge, l\u2019Utente ha il diritto di:<\/p>\n\n\n\n<ul class=\"wp-block-list\">\n<li><strong>retirer son consentement \u00e0 tout moment.<\/strong> L\u2019Utente pu\u00f2 revocare il consenso al trattamento dei propri Dati Personali precedentemente espresso.<\/li>\n\n\n\n<li><strong>s'opposer au traitement de leurs donn\u00e9es.<\/strong> L\u2019Utente pu\u00f2 opporsi al trattamento dei propri Dati quando esso avviene in virt\u00f9 di una base giuridica diversa dal consenso.<\/li>\n\n\n\n<li><strong>l'acc\u00e8s \u00e0 leurs donn\u00e9es.<\/strong> L\u2019Utente ha diritto ad ottenere informazioni sui Dati trattati dal Titolare, su determinati aspetti del trattamento ed a ricevere una copia dei Dati trattati.<\/li>\n\n\n\n<li><strong>v\u00e9rifier et demander la rectification.<\/strong> L\u2019Utente pu\u00f2 verificare la correttezza dei propri Dati e richiederne l\u2019aggiornamento o la correzione.<\/li>\n\n\n\n<li><strong>obtenir la limitation du traitement.<\/strong> L\u2019Utente pu\u00f2 richiedere la limitazione del trattamento dei propri Dati. In tal caso il Titolare non tratter\u00e0 i Dati per alcun altro scopo se non la loro conservazione.<\/li>\n\n\n\n<li><strong>obtenir la suppression ou le retrait de leurs donn\u00e9es \u00e0 caract\u00e8re personnel.<\/strong> L\u2019Utente pu\u00f2 richiedere la cancellazione dei propri Dati da parte del Titolare.<\/li>\n\n\n\n<li><strong>recevoir leurs donn\u00e9es ou les faire transf\u00e9rer \u00e0 un autre responsable du traitement.<\/strong> L\u2019Utente ha diritto di ricevere i propri Dati in formato strutturato, di uso comune e leggibile da dispositivo automatico e, ove tecnicamente fattibile, di ottenerne il trasferimento senza ostacoli ad un altro titolare.<\/li>\n\n\n\n<li><strong>d\u00e9poser une plainte.<\/strong> L\u2019Utente pu\u00f2 proporre un reclamo all\u2019autorit\u00e0 di controllo della protezione dei dati personali competente o agire in sede giudiziale.<\/li>\n<\/ul>\n\n\n\n<p>Gli Utenti hanno diritto di ottenere informazioni in merito alla base giuridica per il trasferimento di Dati all&#8217;estero incluso verso qualsiasi organizzazione internazionale regolata dal diritto internazionale o costituita da due o pi\u00f9 paesi, come ad esempio l\u2019ONU, nonch\u00e9 in merito alle misure di sicurezza adottate dal Titolare per proteggere i loro Dati.<\/p>\n\n\n\n<h4 class=\"wp-block-heading\">D\u00e9tails sur le droit d'opposition<\/h4>\n\n\n\n<p><strong>Quando i Dati Personali sono trattati nell\u2019interesse pubblico, nell\u2019esercizio di pubblici poteri di cui \u00e8 investito il Titolare oppure per perseguire un interesse legittimo del Titolare, gli Utenti hanno diritto ad opporsi al trattamento per motivi connessi alla loro situazione particolare.<\/strong><\/p>\n\n\n\n<p><strong>Si fa presente agli Utenti che, ove i loro Dati fossero trattati con finalit\u00e0 di marketing diretto, possono opporsi al trattamento in qualsiasi momento, gratuitamente e senza fornire alcuna motivazione. Qualora gli Utenti si oppongano al trattamento per finalit\u00e0 di marketing diretto, i Dati Personali non sono pi\u00f9 oggetto di trattamento per tali finalit\u00e0. Per scoprire se il Titolare tratti Dati con finalit\u00e0 di marketing diretto gli Utenti possono fare riferimento alle rispettive sezioni di questo documento.<\/strong><\/p>\n\n\n\n<h4 class=\"wp-block-heading\">Comment exercer ses droits<\/h4>\n\n\n\n<p>Per esercitare i propri diritti, gli Utenti possono indirizzare una richiesta ai recapiti del Titolare indicati in questo documento. La richiesta \u00e8 gratuita e il Titolare risponder\u00e0 nel pi\u00f9 breve tempo possibile, in ogni caso entro un mese, fornendo all\u2019Utente tutte le informazioni previste dalla legge. Eventuali rettifiche, cancellazioni o limitazioni del trattamento saranno comunicate dal Titolare a ciascuno dei destinatari, se esistenti, a cui sono stati trasmessi i Dati Personali, salvo che ci\u00f2 si riveli impossibile o implichi uno sforzo sproporzionato. Il Titolare comunica all&#8217;Utente tali destinatari qualora egli lo richieda.<\/p>\n\n\n\n<h2 class=\"wp-block-heading\" id=\"further_data_processing_info\">Plus d'informations sur le traitement<\/h2>\n\n\n\n<h3 class=\"wp-block-heading\">La d\u00e9fense au tribunal<\/h3>\n\n\n\n<p>I Dati Personali dell\u2019Utente possono essere utilizzati da parte del Titolare in giudizio o nelle fasi preparatorie alla sua eventuale instaurazione per la difesa da abusi nell&#8217;utilizzo di questa Applicazione o dei Servizi connessi da parte dell\u2019Utente.<br>L\u2019Utente dichiara di essere consapevole che il Titolare potrebbe essere obbligato a rivelare i Dati per ordine delle autorit\u00e0 pubbliche.<\/p>\n\n\n\n<h3 class=\"wp-block-heading\">Informations sp\u00e9cifiques<\/h3>\n\n\n\n<p>Su richiesta dell\u2019Utente, in aggiunta alle informazioni contenute in questa privacy policy, questa Applicazione potrebbe fornire all&#8217;Utente delle informative aggiuntive e contestuali riguardanti Servizi specifici, o la raccolta ed il trattamento di Dati Personali.<\/p>\n\n\n\n<h3 class=\"wp-block-heading\">Journaux et maintenance du syst\u00e8me<\/h3>\n\n\n\n<p>Per necessit\u00e0 legate al funzionamento ed alla manutenzione, questa Applicazione e gli eventuali servizi terzi da essa utilizzati potrebbero raccogliere log di sistema, ossia file che registrano le interazioni e che possono contenere anche Dati Personali, quali l\u2019indirizzo IP Utente.<\/p>\n\n\n\n<h3 class=\"wp-block-heading\">Informations non contenues dans la pr\u00e9sente politique<\/h3>\n\n\n\n<p>De plus amples informations concernant le traitement des donn\u00e9es personnelles peuvent \u00eatre demand\u00e9es \u00e0 tout moment au contr\u00f4leur des donn\u00e9es en utilisant les coordonn\u00e9es de contact.<\/p>\n\n\n\n<h3 class=\"wp-block-heading\">Modifications de la pr\u00e9sente politique de confidentialit\u00e9<\/h3>\n\n\n\n<p>Il Titolare del Trattamento si riserva il diritto di apportare modifiche alla presente privacy policy in qualunque momento notificandolo agli Utenti su questa pagina e, se possibile, su questa Applicazione nonch\u00e9, qualora tecnicamente e legalmente fattibile, inviando una notifica agli Utenti attraverso uno degli estremi di contatto di cui \u00e8 in possesso. Si prega dunque di consultare con frequenza questa pagina, facendo riferimento alla data di ultima modifica indicata in fondo.<br><br>Qualora le modifiche interessino trattamenti la cui base giuridica \u00e8 il consenso, il Titolare provveder\u00e0 a raccogliere nuovamente il consenso dell\u2019Utente, se necessario.<\/p>\n\n\n\n<h3 class=\"wp-block-heading\" id=\"definitions_and_legal_references\">D\u00e9finitions et r\u00e9f\u00e9rences juridiques<\/h3>\n\n\n\n<h4 class=\"wp-block-heading\">Donn\u00e9es personnelles (ou donn\u00e9es)<\/h4>\n\n\n\n<p>Les donn\u00e9es \u00e0 caract\u00e8re personnel sont toutes les informations qui, directement ou indirectement, m\u00eame en conjonction avec d'autres informations, y compris un num\u00e9ro d'identification personnel, permettent d'identifier ou de reconna\u00eetre une personne physique.<\/p>\n\n\n\n<h4 class=\"wp-block-heading\">Donn\u00e9es d'utilisation<\/h4>\n\n\n\n<p>Sono le informazioni raccolte automaticamente attraverso questa Applicazione (anche da applicazioni di parti terze integrate in questa Applicazione), tra cui: gli indirizzi IP o i nomi a dominio dei computer utilizzati dall\u2019Utente che si connette con questa Applicazione, gli indirizzi in notazione URI (Uniform Resource Identifier), l\u2019orario della richiesta, il metodo utilizzato nell\u2019inoltrare la richiesta al server, la dimensione del file ottenuto in risposta, il codice numerico indicante lo stato della risposta dal server (buon fine, errore, ecc.) il paese di provenienza, le caratteristiche del browser e del sistema operativo utilizzati dal visitatore, le varie connotazioni temporali della visita (ad esempio il tempo di permanenza su ciascuna pagina) e i dettagli relativi all\u2019itinerario seguito all\u2019interno dell\u2019Applicazione, con particolare riferimento alla sequenza delle pagine consultate, ai parametri relativi al sistema operativo e all\u2019ambiente informatico dell\u2019Utente.<\/p>\n\n\n\n<h4 class=\"wp-block-heading\">Utilisateur<\/h4>\n\n\n\n<p>L&#8217;individuo che utilizza questa Applicazione che, salvo ove diversamente specificato, coincide con l&#8217;Interessato.<\/p>\n\n\n\n<h4 class=\"wp-block-heading\">Int\u00e9ress\u00e9<\/h4>\n\n\n\n<p>La personne physique \u00e0 laquelle les donn\u00e9es \u00e0 caract\u00e8re personnel se r\u00e9f\u00e8rent.<\/p>\n\n\n\n<h4 class=\"wp-block-heading\">Processeur (ou gestionnaire)<\/h4>\n\n\n\n<p>La personne physique, l'entit\u00e9 juridique, l'administration publique et toute autre entit\u00e9 qui traite des donn\u00e9es \u00e0 caract\u00e8re personnel pour le compte du contr\u00f4leur, comme indiqu\u00e9 dans la pr\u00e9sente politique de confidentialit\u00e9.<\/p>\n\n\n\n<h4 class=\"wp-block-heading\">Contr\u00f4leur des donn\u00e9es (ou propri\u00e9taire)<\/h4>\n\n\n\n<p>La persona fisica o giuridica, l&#8217;autorit\u00e0 pubblica, il servizio o altro organismo che, singolarmente o insieme ad altri, determina le finalit\u00e0 e i mezzi del trattamento di dati personali e gli strumenti adottati, ivi comprese le misure di sicurezza relative al funzionamento ed alla fruizione di questa Applicazione. Il Titolare del Trattamento, salvo quanto diversamente specificato, \u00e8 il titolare di questa Applicazione.<\/p>\n\n\n\n<h4 class=\"wp-block-heading\">Cette application<\/h4>\n\n\n\n<p>L'outil mat\u00e9riel ou logiciel par lequel les donn\u00e9es personnelles des utilisateurs sont collect\u00e9es et trait\u00e9es.<\/p>\n\n\n\n<h4 class=\"wp-block-heading\">Service<\/h4>\n\n\n\n<p>Il Servizio fornito da questa Applicazione cos\u00ec come definito nei relativi termini (se presenti) su questo sito\/applicazione.<\/p>\n\n\n\n<h4 class=\"wp-block-heading\">Union europ\u00e9enne (ou UE)<\/h4>\n\n\n\n<p>Salvo ove diversamente specificato, ogni riferimento all\u2019Unione Europea contenuto in questo documento si intende esteso a tutti gli attuali stati membri dell\u2019Unione Europea e dello Spazio Economico Europeo.<\/p>\n\n\n\n<hr class=\"wp-block-separator has-alpha-channel-opacity\"\/>\n\n\n\n<h4 class=\"wp-block-heading\">R\u00e9f\u00e9rences juridiques<\/h4>\n\n\n\n<p>Sauf indication contraire, la pr\u00e9sente politique de confidentialit\u00e9 concerne exclusivement cette application.<\/p>\n\n\n\n<p>Derni\u00e8re modification : 16 juin 2024<\/p>\n\n\n\n<p><a href=\"https:\/\/www.iubenda.com\/it\/generatore-di-privacy-e-cookie-policy\" rel=\"nofollow noopener\" target=\"_blank\">iubenda<\/a> h\u00e9berge ce contenu et ne fait que collecter <a href=\"\/\/www.iubenda.com\/privacy-policy\/19418041\">les donn\u00e9es \u00e0 caract\u00e8re personnel strictement n\u00e9cessaires<\/a> \u00e0 son approvisionnement.<br>Questo documento \u00e8 stato creato con il Generatore di Privacy e Cookie Policy (https:\/\/www.iubenda.com\/it\/generatore-di-privacy-e-cookie-policy) di iubenda. Scopri anche il Generatore di Termini e Condizioni (https:\/\/www.iubenda.com\/it\/generatore-termini-e-condizioni). iubenda (https:\/\/www.iubenda.com\/it\/) ospita questo contenuto e raccoglie solo i Dati Personali strettamente necessari (https:\/\/www.iubenda.com\/privacy-policy\/19418041) alla sua fornitura. (EN) This document has been created with the iubenda Privacy and Cookie Policy Generator (https:\/\/www.iubenda.com\/en\/privacy-and-cookie-policy-generator). See also the Terms and Conditions Generator (https:\/\/www.iubenda.com\/en\/terms-and-conditions-generator).<\/p>","protected":false},"excerpt":{"rendered":"<p>Privacy Policy di www.swissmotorcompany.ch Per avere informazioni circa i tuoi dati personali raccolti, le finalit\u00e0 ed i soggetti con cui [&hellip;]<\/p>","protected":false},"author":6,"featured_media":0,"parent":0,"menu_order":0,"comment_status":"closed","ping_status":"closed","template":"","meta":{"_uag_custom_page_level_css":"","site-sidebar-layout":"default","site-content-layout":"","ast-site-content-layout":"default","site-content-style":"default","site-sidebar-style":"default","ast-global-header-display":"","ast-banner-title-visibility":"","ast-main-header-display":"","ast-hfb-above-header-display":"","ast-hfb-below-header-display":"","ast-hfb-mobile-header-display":"","site-post-title":"disabled","ast-breadcrumbs-content":"","ast-featured-img":"","footer-sml-layout":"","ast-disable-related-posts":"","theme-transparent-header-meta":"","adv-header-id-meta":"","stick-header-meta":"","header-above-stick-meta":"","header-main-stick-meta":"","header-below-stick-meta":"","astra-migrate-meta-layouts":"default","ast-page-background-enabled":"default","ast-page-background-meta":{"desktop":{"background-color":"var(--ast-global-color-4)","background-image":"","background-repeat":"repeat","background-position":"center center","background-size":"auto","background-attachment":"scroll","background-type":"","background-media":"","overlay-type":"","overlay-color":"","overlay-opacity":"","overlay-gradient":""},"tablet":{"background-color":"","background-image":"","background-repeat":"repeat","background-position":"center center","background-size":"auto","background-attachment":"scroll","background-type":"","background-media":"","overlay-type":"","overlay-color":"","overlay-opacity":"","overlay-gradient":""},"mobile":{"background-color":"","background-image":"","background-repeat":"repeat","background-position":"center center","background-size":"auto","background-attachment":"scroll","background-type":"","background-media":"","overlay-type":"","overlay-color":"","overlay-opacity":"","overlay-gradient":""}},"ast-content-background-meta":{"desktop":{"background-color":"var(--ast-global-color-5)","background-image":"","background-repeat":"repeat","background-position":"center center","background-size":"auto","background-attachment":"scroll","background-type":"","background-media":"","overlay-type":"","overlay-color":"","overlay-opacity":"","overlay-gradient":""},"tablet":{"background-color":"var(--ast-global-color-5)","background-image":"","background-repeat":"repeat","background-position":"center center","background-size":"auto","background-attachment":"scroll","background-type":"","background-media":"","overlay-type":"","overlay-color":"","overlay-opacity":"","overlay-gradient":""},"mobile":{"background-color":"var(--ast-global-color-5)","background-image":"","background-repeat":"repeat","background-position":"center center","background-size":"auto","background-attachment":"scroll","background-type":"","background-media":"","overlay-type":"","overlay-color":"","overlay-opacity":"","overlay-gradient":""}},"footnotes":""},"class_list":["post-678","page","type-page","status-publish","hentry"],"rankMath":{"parentDomain":"swissmotorcompany.ch","noFollowDomains":[],"noFollowExcludeDomains":[],"noFollowExternalLinks":true,"featuredImageNotice":"The featured image should be at least 200 by 200 pixels to be picked up by Facebook and other social media sites.","pluginReviewed":false,"postSettings":{"linkSuggestions":true,"useFocusKeyword":false},"frontEndScore":false,"postName":"privacy-policy","permalinkFormat":"https:\/\/www.swissmotorcompany.ch\/fr\/%pagename%\/","showLockModifiedDate":true,"assessor":{"focusKeywordLink":"https:\/\/www.swissmotorcompany.ch\/wp-admin\/edit.php?focus_keyword=%focus_keyword%&post_type=%post_type%","hasTOCPlugin":false,"primaryTaxonomy":false,"serpData":{"title":"","description":"","focusKeywords":"","pillarContent":false,"canonicalUrl":"","breadcrumbTitle":"","advancedRobots":{"max-snippet":"-1","max-video-preview":"-1","max-image-preview":"large"},"facebookTitle":"","facebookDescription":"","facebookImage":"","facebookImageID":"","facebookHasOverlay":false,"facebookImageOverlay":"","facebookAuthor":"","twitterCardType":"","twitterUseFacebook":false,"twitterTitle":"","twitterDescription":"","twitterImage":"","twitterImageID":"","twitterHasOverlay":false,"twitterImageOverlay":"","twitterPlayerUrl":"","twitterPlayerSize":"","twitterPlayerStream":"","twitterPlayerStreamCtype":"","twitterAppDescription":"","twitterAppIphoneName":"","twitterAppIphoneID":"","twitterAppIphoneUrl":"","twitterAppIpadName":"","twitterAppIpadID":"","twitterAppIpadUrl":"","twitterAppGoogleplayName":"","twitterAppGoogleplayID":"","twitterAppGoogleplayUrl":"","twitterAppCountry":"","robots":{"index":true},"twitterAuthor":"username","primaryTerm":0,"authorName":"8qw4nylgfj2u","titleTemplate":"%title% %sep% %sitename%","descriptionTemplate":"%excerpt%","showScoreFrontend":true,"lockModifiedDate":false},"powerWords":["absolument","amazement","astonishing","authentique","beau","bien-\u00eatre","brillant","captivant","charismatique","choc","clair","compl\u00e8tement","confidentiel","confiance","cons\u00e9quent","cr\u00e9atif","d\u00e9finitivement","d\u00e9licieux","d\u00e9montrer","d\u00e9p\u00eachez-vous","d\u00e9termin\u00e9","digne","dynamique","\u00e9blouissant","\u00e9clatant","\u00e9conomique","\u00e9fficace","\u00e9l\u00e9gant","\u00e9motionnel","\u00e9nergique","\u00e9norme","\u00e9poustouflant","essentiel","\u00e9tonnant","exclusif","exp\u00e9rience","fabuleux","fantastique","formidable","fort","garanti","g\u00e9ant","g\u00e9n\u00e9reux","grandiose","gratuit","habile","harmonieux","historique","hors pair","important","incroyable","indispensable","inoubliable","inspirant","innovant","intense","invention","irr\u00e9sistible","l\u00e9gendaire","lumineux","luxe","magique","magnifique","majestueux","marquant","merveilleux","miraculeux","motivant","n\u00e9cessaire","nouvelle","officiel","parfait","passionn\u00e9","persuasif","ph\u00e9nom\u00e9nal","plaisir","populaire","pouvoir","prestigieux","prodigieux","profond","prosp\u00e8re","puissant","qualit\u00e9","radieux","rapide","r\u00e9ussi","r\u00e9volutionnaire","satisfait","s\u00e9curit\u00e9","sensationnel","serein","somptueux","splendide","sublime","surprenant","talentueux","terrifiant","unique","valeur","vibrant","victorieux","vif","vraiment","z\u00e9l\u00e9"],"diacritics":{"A":"[\\u0041\\u24B6\\uFF21\\u00C0\\u00C1\\u00C2\\u1EA6\\u1EA4\\u1EAA\\u1EA8\\u00C3\\u0100\\u0102\\u1EB0\\u1EAE\\u1EB4\\u1EB2\\u0226\\u01E0\\u00C4\\u01DE\\u1EA2\\u00C5\\u01FA\\u01CD\\u0200\\u0202\\u1EA0\\u1EAC\\u1EB6\\u1E00\\u0104\\u023A\\u2C6F]","AA":"[\\uA732]","AE":"[\\u00C6\\u01FC\\u01E2]","AO":"[\\uA734]","AU":"[\\uA736]","AV":"[\\uA738\\uA73A]","AY":"[\\uA73C]","B":"[\\u0042\\u24B7\\uFF22\\u1E02\\u1E04\\u1E06\\u0243\\u0182\\u0181]","C":"[\\u0043\\u24B8\\uFF23\\u0106\\u0108\\u010A\\u010C\\u00C7\\u1E08\\u0187\\u023B\\uA73E]","D":"[\\u0044\\u24B9\\uFF24\\u1E0A\\u010E\\u1E0C\\u1E10\\u1E12\\u1E0E\\u0110\\u018B\\u018A\\u0189\\uA779]","DZ":"[\\u01F1\\u01C4]","Dz":"[\\u01F2\\u01C5]","E":"[\\u0045\\u24BA\\uFF25\\u00C8\\u00C9\\u00CA\\u1EC0\\u1EBE\\u1EC4\\u1EC2\\u1EBC\\u0112\\u1E14\\u1E16\\u0114\\u0116\\u00CB\\u1EBA\\u011A\\u0204\\u0206\\u1EB8\\u1EC6\\u0228\\u1E1C\\u0118\\u1E18\\u1E1A\\u0190\\u018E]","F":"[\\u0046\\u24BB\\uFF26\\u1E1E\\u0191\\uA77B]","G":"[\\u0047\\u24BC\\uFF27\\u01F4\\u011C\\u1E20\\u011E\\u0120\\u01E6\\u0122\\u01E4\\u0193\\uA7A0\\uA77D\\uA77E]","H":"[\\u0048\\u24BD\\uFF28\\u0124\\u1E22\\u1E26\\u021E\\u1E24\\u1E28\\u1E2A\\u0126\\u2C67\\u2C75\\uA78D]","I":"[\\u0049\\u24BE\\uFF29\\u00CC\\u00CD\\u00CE\\u0128\\u012A\\u012C\\u0130\\u00CF\\u1E2E\\u1EC8\\u01CF\\u0208\\u020A\\u1ECA\\u012E\\u1E2C\\u0197]","J":"[\\u004A\\u24BF\\uFF2A\\u0134\\u0248]","K":"[\\u004B\\u24C0\\uFF2B\\u1E30\\u01E8\\u1E32\\u0136\\u1E34\\u0198\\u2C69\\uA740\\uA742\\uA744\\uA7A2]","L":"[\\u004C\\u24C1\\uFF2C\\u013F\\u0139\\u013D\\u1E36\\u1E38\\u013B\\u1E3C\\u1E3A\\u0141\\u023D\\u2C62\\u2C60\\uA748\\uA746\\uA780]","LJ":"[\\u01C7]","Lj":"[\\u01C8]","M":"[\\u004D\\u24C2\\uFF2D\\u1E3E\\u1E40\\u1E42\\u2C6E\\u019C]","N":"[\\u004E\\u24C3\\uFF2E\\u01F8\\u0143\\u00D1\\u1E44\\u0147\\u1E46\\u0145\\u1E4A\\u1E48\\u0220\\u019D\\uA790\\uA7A4]","NJ":"[\\u01CA]","Nj":"[\\u01CB]","O":"[\\u004F\\u24C4\\uFF2F\\u00D2\\u00D3\\u00D4\\u1ED2\\u1ED0\\u1ED6\\u1ED4\\u00D5\\u1E4C\\u022C\\u1E4E\\u014C\\u1E50\\u1E52\\u014E\\u022E\\u0230\\u00D6\\u022A\\u1ECE\\u0150\\u01D1\\u020C\\u020E\\u01A0\\u1EDC\\u1EDA\\u1EE0\\u1EDE\\u1EE2\\u1ECC\\u1ED8\\u01EA\\u01EC\\u00D8\\u01FE\\u0186\\u019F\\uA74A\\uA74C]","OI":"[\\u01A2]","OO":"[\\uA74E]","OU":"[\\u0222]","P":"[\\u0050\\u24C5\\uFF30\\u1E54\\u1E56\\u01A4\\u2C63\\uA750\\uA752\\uA754]","Q":"[\\u0051\\u24C6\\uFF31\\uA756\\uA758\\u024A]","R":"[\\u0052\\u24C7\\uFF32\\u0154\\u1E58\\u0158\\u0210\\u0212\\u1E5A\\u1E5C\\u0156\\u1E5E\\u024C\\u2C64\\uA75A\\uA7A6\\uA782]","S":"[\\u0053\\u24C8\\uFF33\\u1E9E\\u015A\\u1E64\\u015C\\u1E60\\u0160\\u1E66\\u1E62\\u1E68\\u0218\\u015E\\u2C7E\\uA7A8\\uA784]","T":"[\\u0054\\u24C9\\uFF34\\u1E6A\\u0164\\u1E6C\\u021A\\u0162\\u1E70\\u1E6E\\u0166\\u01AC\\u01AE\\u023E\\uA786]","TZ":"[\\uA728]","U":"[\\u0055\\u24CA\\uFF35\\u00D9\\u00DA\\u00DB\\u0168\\u1E78\\u016A\\u1E7A\\u016C\\u00DC\\u01DB\\u01D7\\u01D5\\u01D9\\u1EE6\\u016E\\u0170\\u01D3\\u0214\\u0216\\u01AF\\u1EEA\\u1EE8\\u1EEE\\u1EEC\\u1EF0\\u1EE4\\u1E72\\u0172\\u1E76\\u1E74\\u0244]","V":"[\\u0056\\u24CB\\uFF36\\u1E7C\\u1E7E\\u01B2\\uA75E\\u0245]","VY":"[\\uA760]","W":"[\\u0057\\u24CC\\uFF37\\u1E80\\u1E82\\u0174\\u1E86\\u1E84\\u1E88\\u2C72]","X":"[\\u0058\\u24CD\\uFF38\\u1E8A\\u1E8C]","Y":"[\\u0059\\u24CE\\uFF39\\u1EF2\\u00DD\\u0176\\u1EF8\\u0232\\u1E8E\\u0178\\u1EF6\\u1EF4\\u01B3\\u024E\\u1EFE]","Z":"[\\u005A\\u24CF\\uFF3A\\u0179\\u1E90\\u017B\\u017D\\u1E92\\u1E94\\u01B5\\u0224\\u2C7F\\u2C6B\\uA762]","a":"[\\u0061\\u24D0\\uFF41\\u1E9A\\u00E0\\u00E1\\u00E2\\u1EA7\\u1EA5\\u1EAB\\u1EA9\\u00E3\\u0101\\u0103\\u1EB1\\u1EAF\\u1EB5\\u1EB3\\u0227\\u01E1\\u00E4\\u01DF\\u1EA3\\u00E5\\u01FB\\u01CE\\u0201\\u0203\\u1EA1\\u1EAD\\u1EB7\\u1E01\\u0105\\u2C65\\u0250]","aa":"[\\uA733]","ae":"[\\u00E6\\u01FD\\u01E3]","ao":"[\\uA735]","au":"[\\uA737]","av":"[\\uA739\\uA73B]","ay":"[\\uA73D]","b":"[\\u0062\\u24D1\\uFF42\\u1E03\\u1E05\\u1E07\\u0180\\u0183\\u0253]","c":"[\\u0063\\u24D2\\uFF43\\u0107\\u0109\\u010B\\u010D\\u00E7\\u1E09\\u0188\\u023C\\uA73F\\u2184]","d":"[\\u0064\\u24D3\\uFF44\\u1E0B\\u010F\\u1E0D\\u1E11\\u1E13\\u1E0F\\u0111\\u018C\\u0256\\u0257\\uA77A]","dz":"[\\u01F3\\u01C6]","e":"[\\u0065\\u24D4\\uFF45\\u00E8\\u00E9\\u00EA\\u1EC1\\u1EBF\\u1EC5\\u1EC3\\u1EBD\\u0113\\u1E15\\u1E17\\u0115\\u0117\\u00EB\\u1EBB\\u011B\\u0205\\u0207\\u1EB9\\u1EC7\\u0229\\u1E1D\\u0119\\u1E19\\u1E1B\\u0247\\u025B\\u01DD]","f":"[\\u0066\\u24D5\\uFF46\\u1E1F\\u0192\\uA77C]","g":"[\\u0067\\u24D6\\uFF47\\u01F5\\u011D\\u1E21\\u011F\\u0121\\u01E7\\u0123\\u01E5\\u0260\\uA7A1\\u1D79\\uA77F]","h":"[\\u0068\\u24D7\\uFF48\\u0125\\u1E23\\u1E27\\u021F\\u1E25\\u1E29\\u1E2B\\u1E96\\u0127\\u2C68\\u2C76\\u0265]","hv":"[\\u0195]","i":"[\\u0069\\u24D8\\uFF49\\u00EC\\u00ED\\u00EE\\u0129\\u012B\\u012D\\u00EF\\u1E2F\\u1EC9\\u01D0\\u0209\\u020B\\u1ECB\\u012F\\u1E2D\\u0268\\u0131]","j":"[\\u006A\\u24D9\\uFF4A\\u0135\\u01F0\\u0249]","k":"[\\u006B\\u24DA\\uFF4B\\u1E31\\u01E9\\u1E33\\u0137\\u1E35\\u0199\\u2C6A\\uA741\\uA743\\uA745\\uA7A3]","l":"[\\u006C\\u24DB\\uFF4C\\u0140\\u013A\\u013E\\u1E37\\u1E39\\u013C\\u1E3D\\u1E3B\\u017F\\u0142\\u019A\\u026B\\u2C61\\uA749\\uA781\\uA747]","lj":"[\\u01C9]","m":"[\\u006D\\u24DC\\uFF4D\\u1E3F\\u1E41\\u1E43\\u0271\\u026F]","n":"[\\u006E\\u24DD\\uFF4E\\u01F9\\u0144\\u00F1\\u1E45\\u0148\\u1E47\\u0146\\u1E4B\\u1E49\\u019E\\u0272\\u0149\\uA791\\uA7A5]","nj":"[\\u01CC]","o":"[\\u006F\\u24DE\\uFF4F\\u00F2\\u00F3\\u00F4\\u1ED3\\u1ED1\\u1ED7\\u1ED5\\u00F5\\u1E4D\\u022D\\u1E4F\\u014D\\u1E51\\u1E53\\u014F\\u022F\\u0231\\u00F6\\u022B\\u1ECF\\u0151\\u01D2\\u020D\\u020F\\u01A1\\u1EDD\\u1EDB\\u1EE1\\u1EDF\\u1EE3\\u1ECD\\u1ED9\\u01EB\\u01ED\\u00F8\\u01FF\\u0254\\uA74B\\uA74D\\u0275]","oi":"[\\u01A3]","ou":"[\\u0223]","oo":"[\\uA74F]","p":"[\\u0070\\u24DF\\uFF50\\u1E55\\u1E57\\u01A5\\u1D7D\\uA751\\uA753\\uA755]","q":"[\\u0071\\u24E0\\uFF51\\u024B\\uA757\\uA759]","r":"[\\u0072\\u24E1\\uFF52\\u0155\\u1E59\\u0159\\u0211\\u0213\\u1E5B\\u1E5D\\u0157\\u1E5F\\u024D\\u027D\\uA75B\\uA7A7\\uA783]","s":"[\\u0073\\u24E2\\uFF53\\u015B\\u1E65\\u015D\\u1E61\\u0161\\u1E67\\u1E63\\u1E69\\u0219\\u015F\\u023F\\uA7A9\\uA785\\u1E9B]","ss":"[\\u00DF]","t":"[\\u0074\\u24E3\\uFF54\\u1E6B\\u1E97\\u0165\\u1E6D\\u021B\\u0163\\u1E71\\u1E6F\\u0167\\u01AD\\u0288\\u2C66\\uA787]","tz":"[\\uA729]","u":"[\\u0075\\u24E4\\uFF55\\u00F9\\u00FA\\u00FB\\u0169\\u1E79\\u016B\\u1E7B\\u016D\\u00FC\\u01DC\\u01D8\\u01D6\\u01DA\\u1EE7\\u016F\\u0171\\u01D4\\u0215\\u0217\\u01B0\\u1EEB\\u1EE9\\u1EEF\\u1EED\\u1EF1\\u1EE5\\u1E73\\u0173\\u1E77\\u1E75\\u0289]","v":"[\\u0076\\u24E5\\uFF56\\u1E7D\\u1E7F\\u028B\\uA75F\\u028C]","vy":"[\\uA761]","w":"[\\u0077\\u24E6\\uFF57\\u1E81\\u1E83\\u0175\\u1E87\\u1E85\\u1E98\\u1E89\\u2C73]","x":"[\\u0078\\u24E7\\uFF58\\u1E8B\\u1E8D]","y":"[\\u0079\\u24E8\\uFF59\\u1EF3\\u00FD\\u0177\\u1EF9\\u0233\\u1E8F\\u00FF\\u1EF7\\u1E99\\u1EF5\\u01B4\\u024F\\u1EFF]","z":"[\\u007A\\u24E9\\uFF5A\\u017A\\u1E91\\u017C\\u017E\\u1E93\\u1E95\\u01B6\\u0225\\u0240\\u2C6C\\uA763]"},"researchesTests":["contentHasTOC","contentHasShortParagraphs","contentHasAssets","keywordInTitle","keywordInMetaDescription","keywordInPermalink","keywordIn10Percent","keywordInContent","keywordInSubheadings","keywordInImageAlt","keywordDensity","keywordNotUsed","lengthContent","lengthPermalink","linksHasInternal","linksHasExternals","linksNotAllExternals","titleStartWithKeyword","titleSentiment","titleHasPowerWords","titleHasNumber","hasContentAI"],"hasRedirection":false,"hasBreadcrumb":true},"homeUrl":"https:\/\/www.swissmotorcompany.ch\/fr","objectID":678,"objectType":"post","locale":"fr","localeFull":"fr_FR","overlayImages":{"play":{"name":"Play icon","url":"https:\/\/www.swissmotorcompany.ch\/wp-content\/plugins\/seo-by-rank-math\/assets\/admin\/img\/icon-play.png","path":"\/home\/u336927732\/domains\/swissmotorcompany.ch\/public_html\/wp-content\/plugins\/seo-by-rank-math\/assets\/admin\/img\/icon-play.png","position":"middle_center"},"gif":{"name":"GIF icon","url":"https:\/\/www.swissmotorcompany.ch\/wp-content\/plugins\/seo-by-rank-math\/assets\/admin\/img\/icon-gif.png","path":"\/home\/u336927732\/domains\/swissmotorcompany.ch\/public_html\/wp-content\/plugins\/seo-by-rank-math\/assets\/admin\/img\/icon-gif.png","position":"middle_center"}},"defautOgImage":"https:\/\/www.swissmotorcompany.ch\/wp-content\/plugins\/seo-by-rank-math\/assets\/admin\/img\/social-placeholder.jpg","customPermalinks":true,"isUserRegistered":true,"autoSuggestKeywords":true,"connectSiteUrl":"https:\/\/rankmath.com\/auth?site=https%3A%2F%2Fwww.swissmotorcompany.ch%2Ffr&r=https%3A%2F%2Fwww.swissmotorcompany.ch%2Ffr%2Fwp-json%2Fwp%2Fv2%2Fpages%2F678%3Fnonce%3Dda5a5a37b1&pro=1","maxTags":100,"trendsIcon":"<svg viewBox=\"0 0 610 610\"><path d=\"M18.85,446,174.32,290.48l58.08,58.08L76.93,504a14.54,14.54,0,0,1-20.55,0L18.83,466.48a14.54,14.54,0,0,1,0-20.55Z\" style=\"fill:#4285f4\"\/><path d=\"M242.65,242.66,377.59,377.6l-47.75,47.75a14.54,14.54,0,0,1-20.55,0L174.37,290.43l47.75-47.75A14.52,14.52,0,0,1,242.65,242.66Z\" style=\"fill:#ea4335\"\/><polygon points=\"319.53 319.53 479.26 159.8 537.34 217.88 377.61 377.62 319.53 319.53\" style=\"fill:#fabb05\"\/><path d=\"M594.26,262.73V118.61h0a16.94,16.94,0,0,0-16.94-16.94H433.2a16.94,16.94,0,0,0-12,28.92L565.34,274.71h0a16.94,16.94,0,0,0,28.92-12Z\" style=\"fill:#34a853\"\/><rect width=\"610\" height=\"610\" style=\"fill:none\"\/><\/svg>","showScore":true,"siteFavIcon":"https:\/\/www.swissmotorcompany.ch\/wp-content\/uploads\/2024\/06\/cropped-zipwp-image-7683-32x32.png","canUser":{"general":false,"advanced":false,"snippet":false,"social":false,"analysis":false,"analytics":false,"content_ai":false},"showKeywordIntent":true,"isPro":true,"is_front_page":false,"trendsUpgradeLink":"https:\/\/rankmath.com\/pricing\/?utm_source=Plugin&utm_medium=CE%20General%20Tab%20Trends&utm_campaign=WP","trendsUpgradeLabel":"Upgrade","trendsPreviewImage":"https:\/\/www.swissmotorcompany.ch\/wp-content\/plugins\/seo-by-rank-math\/assets\/admin\/img\/trends-preview.jpg","currentEditor":false,"homepageData":{"assessor":{"powerWords":["absolument","amazement","astonishing","authentique","beau","bien-\u00eatre","brillant","captivant","charismatique","choc","clair","compl\u00e8tement","confidentiel","confiance","cons\u00e9quent","cr\u00e9atif","d\u00e9finitivement","d\u00e9licieux","d\u00e9montrer","d\u00e9p\u00eachez-vous","d\u00e9termin\u00e9","digne","dynamique","\u00e9blouissant","\u00e9clatant","\u00e9conomique","\u00e9fficace","\u00e9l\u00e9gant","\u00e9motionnel","\u00e9nergique","\u00e9norme","\u00e9poustouflant","essentiel","\u00e9tonnant","exclusif","exp\u00e9rience","fabuleux","fantastique","formidable","fort","garanti","g\u00e9ant","g\u00e9n\u00e9reux","grandiose","gratuit","habile","harmonieux","historique","hors pair","important","incroyable","indispensable","inoubliable","inspirant","innovant","intense","invention","irr\u00e9sistible","l\u00e9gendaire","lumineux","luxe","magique","magnifique","majestueux","marquant","merveilleux","miraculeux","motivant","n\u00e9cessaire","nouvelle","officiel","parfait","passionn\u00e9","persuasif","ph\u00e9nom\u00e9nal","plaisir","populaire","pouvoir","prestigieux","prodigieux","profond","prosp\u00e8re","puissant","qualit\u00e9","radieux","rapide","r\u00e9ussi","r\u00e9volutionnaire","satisfait","s\u00e9curit\u00e9","sensationnel","serein","somptueux","splendide","sublime","surprenant","talentueux","terrifiant","unique","valeur","vibrant","victorieux","vif","vraiment","z\u00e9l\u00e9"],"diacritics":true,"researchesTests":["contentHasTOC","contentHasShortParagraphs","contentHasAssets","keywordInTitle","keywordInMetaDescription","keywordInPermalink","keywordIn10Percent","keywordInContent","keywordInSubheadings","keywordInImageAlt","keywordDensity","keywordNotUsed","lengthContent","lengthPermalink","linksHasInternal","linksHasExternals","linksNotAllExternals","titleStartWithKeyword","titleSentiment","titleHasPowerWords","titleHasNumber","hasContentAI"],"hasBreadcrumb":true,"serpData":{"title":"%sitename% %sep% %sitedesc%","description":"%sitedesc%","titleTemplate":"%sitename% %page% %sep% %sitedesc%","descriptionTemplate":"","focusKeywords":"","breadcrumbTitle":"Home","robots":{"index":true},"advancedRobots":{"max-snippet":"-1","max-video-preview":"-1","max-image-preview":"large"},"facebookTitle":"","facebookDescription":"","facebookImage":"","facebookImageID":""}}},"tocTitle":"Table of Contents","tocExcludeHeadings":[],"listStyle":"ul"},"uagb_featured_image_src":{"full":false,"thumbnail":false,"medium":false,"medium_large":false,"large":false,"1536x1536":false,"2048x2048":false,"trp-custom-language-flag":false},"uagb_author_info":{"display_name":"8qw4nylgfj2u","author_link":"https:\/\/www.swissmotorcompany.ch\/fr\/author\/8qw4nylgfj2u\/"},"uagb_comment_info":0,"uagb_excerpt":"Privacy Policy di www.swissmotorcompany.ch Per avere informazioni circa i tuoi dati personali raccolti, le finalit\u00e0 ed i soggetti con cui [&hellip;]","_links":{"self":[{"href":"https:\/\/www.swissmotorcompany.ch\/fr\/wp-json\/wp\/v2\/pages\/678","targetHints":{"allow":["GET"]}}],"collection":[{"href":"https:\/\/www.swissmotorcompany.ch\/fr\/wp-json\/wp\/v2\/pages"}],"about":[{"href":"https:\/\/www.swissmotorcompany.ch\/fr\/wp-json\/wp\/v2\/types\/page"}],"author":[{"embeddable":true,"href":"https:\/\/www.swissmotorcompany.ch\/fr\/wp-json\/wp\/v2\/users\/6"}],"replies":[{"embeddable":true,"href":"https:\/\/www.swissmotorcompany.ch\/fr\/wp-json\/wp\/v2\/comments?post=678"}],"version-history":[{"count":1,"href":"https:\/\/www.swissmotorcompany.ch\/fr\/wp-json\/wp\/v2\/pages\/678\/revisions"}],"predecessor-version":[{"id":886,"href":"https:\/\/www.swissmotorcompany.ch\/fr\/wp-json\/wp\/v2\/pages\/678\/revisions\/886"}],"wp:attachment":[{"href":"https:\/\/www.swissmotorcompany.ch\/fr\/wp-json\/wp\/v2\/media?parent=678"}],"curies":[{"name":"wp","href":"https:\/\/api.w.org\/{rel}","templated":true}]}}